{"id":643,"date":"2017-12-28T17:53:42","date_gmt":"2017-12-28T16:53:42","guid":{"rendered":"http:\/\/www.singakademie-stuttgart.de\/?page_id=643"},"modified":"2018-11-17T19:14:10","modified_gmt":"2018-11-17T18:14:10","slug":"08-12-2018-stiftskirche-tuebingen","status":"publish","type":"page","link":"https:\/\/www.singakademie-stuttgart.de\/index.php\/konzerte\/08-12-2018-stiftskirche-tuebingen\/","title":{"rendered":"08.12.2018 &#8211; Stiftskirche T\u00fcbingen"},"content":{"rendered":"\t\t<div data-elementor-type=\"wp-post\" data-elementor-id=\"643\" class=\"elementor elementor-643 elementor-bc-flex-widget\" data-elementor-post-type=\"page\">\n\t\t\t\t\t\t<section class=\"elementor-section elementor-top-section elementor-element elementor-element-5b1089ac elementor-section-boxed elementor-section-height-default elementor-section-height-default\" data-id=\"5b1089ac\" data-element_type=\"section\" data-e-type=\"section\">\n\t\t\t\t\t\t<div class=\"elementor-container elementor-column-gap-default\">\n\t\t\t\t\t<div class=\"elementor-column elementor-col-100 elementor-top-column elementor-element elementor-element-6711aa56\" data-id=\"6711aa56\" data-element_type=\"column\" data-e-type=\"column\">\n\t\t\t<div class=\"elementor-widget-wrap elementor-element-populated\">\n\t\t\t\t\t\t<div class=\"elementor-element elementor-element-63cc71a7 elementor-widget elementor-widget-text-editor\" data-id=\"63cc71a7\" data-element_type=\"widget\" data-e-type=\"widget\" data-widget_type=\"text-editor.default\">\n\t\t\t\t<div class=\"elementor-widget-container\">\n\t\t\t\t\t\t\t\t\t<h2>T\u00fcbinger Motette<\/h2>\t\t\t\t\t\t\t\t<\/div>\n\t\t\t\t<\/div>\n\t\t\t\t<section class=\"elementor-section elementor-inner-section elementor-element elementor-element-6d781ad2 elementor-section-boxed elementor-section-height-default elementor-section-height-default\" data-id=\"6d781ad2\" data-element_type=\"section\" data-e-type=\"section\">\n\t\t\t\t\t\t<div class=\"elementor-container elementor-column-gap-default\">\n\t\t\t\t\t<div class=\"elementor-column elementor-col-100 elementor-inner-column elementor-element elementor-element-5f8c93b9\" data-id=\"5f8c93b9\" data-element_type=\"column\" data-e-type=\"column\">\n\t\t\t<div class=\"elementor-widget-wrap elementor-element-populated\">\n\t\t\t\t\t\t<div class=\"elementor-element elementor-element-4cb8cb94 elementor-widget elementor-widget-text-editor\" data-id=\"4cb8cb94\" data-element_type=\"widget\" data-e-type=\"widget\" data-widget_type=\"text-editor.default\">\n\t\t\t\t<div class=\"elementor-widget-container\">\n\t\t\t\t\t\t\t\t\t<h3>Programm<\/h3><ul><li><strong>Andreas Hammerschmidt<\/strong> (1611-1675)<br \/><i>Machet die Tore weit<\/i> f\u00fcr sechsstimmigen Chor<\/li><\/ul><ul><li><strong>Heinrich Sch\u00fctz<\/strong> (1585-1672)<br \/><i>Deutsches Magnificat<\/i><br \/>zu acht Stimmen in zwei Ch\u00f6ren, SWV 494<br \/>aus dem \u201eOpus ultimum \u2013 Schwanengesang\u201c<br \/>f\u00fcr zwei Ch\u00f6re a cappella<br \/><i>Das ist je gewi\u00dflich wahr<\/i>, SWV 277 (1630)<br \/>f\u00fcr sechsstimmigen Chor<\/li><\/ul><ul><li><strong>Wolfram Buchenberg<\/strong> (*1962)<br \/><i>O Freude \u00fcber Freude<\/i> (2013)<br \/>f\u00fcr vier- bis achtstimmigen Chor a cappella<\/li><\/ul><ul><li><strong>Michael Praetorius<\/strong> (1571-1621)\/<strong>Jan Sandstr\u00f6m<\/strong> (*1954)<br \/><i>Es ist ein Ros\u2018 entsprungen<\/i> (1980) f\u00fcr 12-stimmigen Chor<\/li><\/ul><ul><li><strong>Sigfrid Karg-Elert<\/strong> (1877-1933)<br \/><i>Vom Himmel hoch<\/i>, op. 82 Nr. 2, f\u00fcr Soli, zwei Ch\u00f6re, Geige und Orgel<\/li><\/ul><ul><li><strong>Ralph Manuel <\/strong>(*1951)<br \/><i>Alleluja<\/i> (1987)<br \/>f\u00fcr vier- bis achtstimmigen Chor<\/li><\/ul><ul><li><strong>Rolf Rudin<\/strong> (*1961)<br \/><i>Dona nobis pacem<\/i>, op. 5 (1986)<br \/>f\u00fcr zehnstimmigen gemischten Chor a cappella<br \/><i>Maria durch ein Dornwald ging<\/i>, op. 2 (1982)<br \/>f\u00fcr achtstimmigen gemischten Chor a cappella<\/li><\/ul><ul><li><strong>Franz Biebl<\/strong> (1906-2001)<br \/><i>Ave Maria<\/i><br \/>f\u00fcr zwei Ch\u00f6re<\/li><\/ul>\t\t\t\t\t\t\t\t<\/div>\n\t\t\t\t<\/div>\n\t\t\t\t\t<\/div>\n\t\t<\/div>\n\t\t\t\t\t<\/div>\n\t\t<\/section>\n\t\t\t\t\t<\/div>\n\t\t<\/div>\n\t\t\t\t\t<\/div>\n\t\t<\/section>\n\t\t\t\t<section class=\"elementor-section elementor-top-section elementor-element elementor-element-710838bc elementor-section-boxed elementor-section-height-default elementor-section-height-default\" data-id=\"710838bc\" data-element_type=\"section\" data-e-type=\"section\" data-settings=\"{&quot;background_background&quot;:&quot;classic&quot;}\">\n\t\t\t\t\t\t<div class=\"elementor-container elementor-column-gap-wide\">\n\t\t\t\t\t<div class=\"elementor-column elementor-col-33 elementor-top-column elementor-element elementor-element-2062728\" data-id=\"2062728\" data-element_type=\"column\" data-e-type=\"column\">\n\t\t\t<div class=\"elementor-widget-wrap elementor-element-populated\">\n\t\t\t\t\t\t<div class=\"elementor-element elementor-element-7bf90f5f elementor-view-default elementor-widget elementor-widget-icon\" data-id=\"7bf90f5f\" data-element_type=\"widget\" data-e-type=\"widget\" data-widget_type=\"icon.default\">\n\t\t\t\t<div class=\"elementor-widget-container\">\n\t\t\t\t\t\t\t<div class=\"elementor-icon-wrapper\">\n\t\t\t<div class=\"elementor-icon\">\n\t\t\t\t\t\t\t<i class=\"fa fa-institution\" aria-hidden=\"true\"><\/i>\n\t\t\t\t\t\t<\/div>\n\t\t<\/div>\n\t\t\t\t\t\t<\/div>\n\t\t\t\t<\/div>\n\t\t\t\t<div class=\"elementor-element elementor-element-4a4384b7 elementor-widget elementor-widget-text-editor\" data-id=\"4a4384b7\" data-element_type=\"widget\" data-e-type=\"widget\" data-widget_type=\"text-editor.default\">\n\t\t\t\t<div class=\"elementor-widget-container\">\n\t\t\t\t\t\t\t\t\t<p style=\"text-align: center;\">Stiftskirche T\u00fcbingen<br \/><span class=\"_Xbe\">Holzmarkt 1, 72070 T\u00fcbingen<\/span><\/p>\t\t\t\t\t\t\t\t<\/div>\n\t\t\t\t<\/div>\n\t\t\t\t\t<\/div>\n\t\t<\/div>\n\t\t\t\t<div class=\"elementor-column elementor-col-33 elementor-top-column elementor-element elementor-element-31215268\" data-id=\"31215268\" data-element_type=\"column\" data-e-type=\"column\">\n\t\t\t<div class=\"elementor-widget-wrap elementor-element-populated\">\n\t\t\t\t\t\t<div class=\"elementor-element elementor-element-44c83141 elementor-view-default elementor-widget elementor-widget-icon\" data-id=\"44c83141\" data-element_type=\"widget\" data-e-type=\"widget\" data-widget_type=\"icon.default\">\n\t\t\t\t<div class=\"elementor-widget-container\">\n\t\t\t\t\t\t\t<div class=\"elementor-icon-wrapper\">\n\t\t\t<div class=\"elementor-icon\">\n\t\t\t\t\t\t\t<i class=\"fa fa-calendar\" aria-hidden=\"true\"><\/i>\n\t\t\t\t\t\t<\/div>\n\t\t<\/div>\n\t\t\t\t\t\t<\/div>\n\t\t\t\t<\/div>\n\t\t\t\t<div class=\"elementor-element elementor-element-4fb2b479 elementor-widget elementor-widget-text-editor\" data-id=\"4fb2b479\" data-element_type=\"widget\" data-e-type=\"widget\" data-widget_type=\"text-editor.default\">\n\t\t\t\t<div class=\"elementor-widget-container\">\n\t\t\t\t\t\t\t\t\t<p style=\"text-align: center;\">Samstag, 8. Dezember 2018<br \/>Beginn: 20 Uhr<\/p>\t\t\t\t\t\t\t\t<\/div>\n\t\t\t\t<\/div>\n\t\t\t\t\t<\/div>\n\t\t<\/div>\n\t\t\t\t<div class=\"elementor-column elementor-col-33 elementor-top-column elementor-element elementor-element-3d1792d4\" data-id=\"3d1792d4\" data-element_type=\"column\" data-e-type=\"column\">\n\t\t\t<div class=\"elementor-widget-wrap elementor-element-populated\">\n\t\t\t\t\t\t<div class=\"elementor-element elementor-element-353fdf69 elementor-view-default elementor-widget elementor-widget-icon\" data-id=\"353fdf69\" data-element_type=\"widget\" data-e-type=\"widget\" data-widget_type=\"icon.default\">\n\t\t\t\t<div class=\"elementor-widget-container\">\n\t\t\t\t\t\t\t<div class=\"elementor-icon-wrapper\">\n\t\t\t<div class=\"elementor-icon\">\n\t\t\t\t\t\t\t<i class=\"fa fa-ticket\" aria-hidden=\"true\"><\/i>\n\t\t\t\t\t\t<\/div>\n\t\t<\/div>\n\t\t\t\t\t\t<\/div>\n\t\t\t\t<\/div>\n\t\t\t\t<div class=\"elementor-element elementor-element-dc43d9d elementor-widget elementor-widget-text-editor\" data-id=\"dc43d9d\" data-element_type=\"widget\" data-e-type=\"widget\" data-widget_type=\"text-editor.default\">\n\t\t\t\t<div class=\"elementor-widget-container\">\n\t\t\t\t\t\t\t\t\t<p style=\"text-align: center;\">Der Eintritt ist frei.<\/p>\t\t\t\t\t\t\t\t<\/div>\n\t\t\t\t<\/div>\n\t\t\t\t\t<\/div>\n\t\t<\/div>\n\t\t\t\t\t<\/div>\n\t\t<\/section>\n\t\t\t\t<section class=\"elementor-section elementor-top-section elementor-element elementor-element-46b7278c elementor-section-boxed elementor-section-height-default elementor-section-height-default\" data-id=\"46b7278c\" data-element_type=\"section\" data-e-type=\"section\">\n\t\t\t\t\t\t<div class=\"elementor-container elementor-column-gap-no\">\n\t\t\t\t\t<div class=\"elementor-column elementor-col-100 elementor-top-column elementor-element elementor-element-a3790c0\" data-id=\"a3790c0\" data-element_type=\"column\" data-e-type=\"column\">\n\t\t\t<div class=\"elementor-widget-wrap elementor-element-populated\">\n\t\t\t\t\t\t<div class=\"elementor-element elementor-element-701528ad elementor-widget elementor-widget-google_maps\" data-id=\"701528ad\" data-element_type=\"widget\" data-e-type=\"widget\" data-widget_type=\"google_maps.default\">\n\t\t\t\t<div class=\"elementor-widget-container\">\n\t\t\t\t\t\t\t<div class=\"elementor-custom-embed\">\n\t\t\t<iframe loading=\"lazy\"\n\t\t\t\t\tsrc=\"https:\/\/maps.google.com\/maps?q=Stiftskirche%20T%C3%BCbingen%20Holzmarkt%201%2C%2072070%20T%C3%BCbingen&#038;t=m&#038;z=10&#038;output=embed&#038;iwloc=near\"\n\t\t\t\t\ttitle=\"Stiftskirche T\u00fcbingen Holzmarkt 1, 72070 T\u00fcbingen\"\n\t\t\t\t\taria-label=\"Stiftskirche T\u00fcbingen Holzmarkt 1, 72070 T\u00fcbingen\"\n\t\t\t><\/iframe>\n\t\t<\/div>\n\t\t\t\t\t\t<\/div>\n\t\t\t\t<\/div>\n\t\t\t\t\t<\/div>\n\t\t<\/div>\n\t\t\t\t\t<\/div>\n\t\t<\/section>\n\t\t\t\t<\/div>\n\t\t","protected":false},"excerpt":{"rendered":"<p>T\u00fcbinger Motette Programm Andreas Hammerschmidt (1611-1675)Machet die Tore weit f\u00fcr sechsstimmigen Chor Heinrich Sch\u00fctz (1585-1672)Deutsches Magnificatzu acht Stimmen in zwei Ch\u00f6ren, SWV 494aus dem \u201eOpus ultimum \u2013 Schwanengesang\u201cf\u00fcr zwei Ch\u00f6re a cappellaDas ist je gewi\u00dflich wahr, SWV 277 (1630)f\u00fcr sechsstimmigen Chor Wolfram Buchenberg (*1962)O Freude \u00fcber Freude (2013)f\u00fcr vier- bis achtstimmigen Chor a cappella Michael &hellip; <\/p>\n<p class=\"link-more\"><a href=\"https:\/\/www.singakademie-stuttgart.de\/index.php\/konzerte\/08-12-2018-stiftskirche-tuebingen\/\" class=\"more-link\"><span class=\"screen-reader-text\">\u201e08.12.2018 &#8211; Stiftskirche T\u00fcbingen\u201c<\/span> weiterlesen<\/a><\/p>\n","protected":false},"author":3,"featured_media":0,"parent":35,"menu_order":1870,"comment_status":"closed","ping_status":"closed","template":"","meta":{"footnotes":""},"class_list":["post-643","page","type-page","status-publish","hentry"],"_links":{"self":[{"href":"https:\/\/www.singakademie-stuttgart.de\/index.php\/wp-json\/wp\/v2\/pages\/643","targetHints":{"allow":["GET"]}}],"collection":[{"href":"https:\/\/www.singakademie-stuttgart.de\/index.php\/wp-json\/wp\/v2\/pages"}],"about":[{"href":"https:\/\/www.singakademie-stuttgart.de\/index.php\/wp-json\/wp\/v2\/types\/page"}],"author":[{"embeddable":true,"href":"https:\/\/www.singakademie-stuttgart.de\/index.php\/wp-json\/wp\/v2\/users\/3"}],"replies":[{"embeddable":true,"href":"https:\/\/www.singakademie-stuttgart.de\/index.php\/wp-json\/wp\/v2\/comments?post=643"}],"version-history":[{"count":5,"href":"https:\/\/www.singakademie-stuttgart.de\/index.php\/wp-json\/wp\/v2\/pages\/643\/revisions"}],"predecessor-version":[{"id":1419,"href":"https:\/\/www.singakademie-stuttgart.de\/index.php\/wp-json\/wp\/v2\/pages\/643\/revisions\/1419"}],"up":[{"embeddable":true,"href":"https:\/\/www.singakademie-stuttgart.de\/index.php\/wp-json\/wp\/v2\/pages\/35"}],"wp:attachment":[{"href":"https:\/\/www.singakademie-stuttgart.de\/index.php\/wp-json\/wp\/v2\/media?parent=643"}],"curies":[{"name":"wp","href":"https:\/\/api.w.org\/{rel}","templated":true}]}}