{"id":4304,"date":"2024-02-24T14:07:12","date_gmt":"2024-02-24T13:07:12","guid":{"rendered":"https:\/\/www.singakademie-stuttgart.de\/?page_id=4304"},"modified":"2024-05-26T19:03:24","modified_gmt":"2024-05-26T17:03:24","slug":"23-06-2024-herz-jesu-kirche-stuttgart","status":"publish","type":"page","link":"https:\/\/www.singakademie-stuttgart.de\/index.php\/konzerte\/23-06-2024-herz-jesu-kirche-stuttgart\/","title":{"rendered":"23.06.2024 &#8211; Herz-Jesu-Kirche Stuttgart"},"content":{"rendered":"\t\t<div data-elementor-type=\"wp-page\" data-elementor-id=\"4304\" class=\"elementor elementor-4304\" data-elementor-post-type=\"page\">\n\t\t\t\t\t\t<section class=\"elementor-section elementor-top-section elementor-element elementor-element-6706c307 elementor-section-boxed elementor-section-height-default elementor-section-height-default\" data-id=\"6706c307\" data-element_type=\"section\" data-e-type=\"section\">\n\t\t\t\t\t\t<div class=\"elementor-container elementor-column-gap-default\">\n\t\t\t\t\t<div class=\"elementor-column elementor-col-100 elementor-top-column elementor-element elementor-element-42bade75\" data-id=\"42bade75\" data-element_type=\"column\" data-e-type=\"column\">\n\t\t\t<div class=\"elementor-widget-wrap elementor-element-populated\">\n\t\t\t\t\t\t<div class=\"elementor-element elementor-element-7ae0f88 elementor-widget elementor-widget-text-editor\" data-id=\"7ae0f88\" data-element_type=\"widget\" data-e-type=\"widget\" data-widget_type=\"text-editor.default\">\n\t\t\t\t<div class=\"elementor-widget-container\">\n\t\t\t\t\t\t\t\t\t<h2>Jubil\u00e4umskonzert &#8211; 15 Jahre Singakademie Stuttgart<br \/>Der Weg von der 4- bis zur 14-Stimmigkeit<\/h2>\t\t\t\t\t\t\t\t<\/div>\n\t\t\t\t<\/div>\n\t\t\t\t<section class=\"elementor-section elementor-inner-section elementor-element elementor-element-83f631f elementor-section-boxed elementor-section-height-default elementor-section-height-default\" data-id=\"83f631f\" data-element_type=\"section\" data-e-type=\"section\">\n\t\t\t\t\t\t<div class=\"elementor-container elementor-column-gap-default\">\n\t\t\t\t\t<div class=\"elementor-column elementor-col-50 elementor-inner-column elementor-element elementor-element-118271c9\" data-id=\"118271c9\" data-element_type=\"column\" data-e-type=\"column\">\n\t\t\t<div class=\"elementor-widget-wrap elementor-element-populated\">\n\t\t\t\t\t\t<div class=\"elementor-element elementor-element-bc2f34b elementor-widget elementor-widget-text-editor\" data-id=\"bc2f34b\" data-element_type=\"widget\" data-e-type=\"widget\" data-widget_type=\"text-editor.default\">\n\t\t\t\t<div class=\"elementor-widget-container\">\n\t\t\t\t\t\t\t\t\t<h3>Programm<\/h3><ul><li><b>Johann Sebastian Bach<\/b> (1685-1750):<br \/><em>Der Geist hilft unser Schwachheit auf<\/em> (BWV226)<\/li><li><b>Heinz Werner Zimmermann<\/b> (1930-2022):<br \/><em>Wachet auf, ruft uns die Stimme<\/em> (1979) f\u00fcr zw\u00f6lfstimmigen Chor a cappella<\/li><li><b>Ola Gjeilo<\/b> (*1978):<br \/><em>Luminous Night of the Soul<\/em> (2012) f\u00fcr achtstimmigen gemischten Chor, Oboe, Streichquartett und Klavier<\/li><li><b>Franz Schubert<\/b> (1797-1828) arr. <b>Stefan Weible<\/b> (*1975):<br \/><em>Abschied<\/em> aus \u201eSchwanengesang\u201c, D 957 Nr. 7 f\u00fcr Solo, achtstimmigen Chor und Klavier<br \/><em>Ellens Gesang III<\/em> \u201eHymne an die Jungfrau\u201c, D 839 (op. 52 Nr. 6) f\u00fcr Solo, achtstimmigen Chor, Oboe und Klavier<\/li><li><b>Josef Rheinberger<\/b> (1839-1901):<br \/><em>Harald<\/em> (op. 106 Nr. 1) f\u00fcr gemischten Chor und Klavier<\/li><li><b>\u0112riks E\u0161envalds<\/b> (*1977):<br \/><em>Salutation<\/em> (2017) f\u00fcr gemischten Chor a cappella<\/li><li><b>Robert Schumann<\/b> (1810-1856) arr. <b>Stefan Weible<\/b> (*1975):<br \/><em>Beim Abschied zu singen<\/em> f\u00fcr 14-stimmigen Chor<\/li><\/ul>\t\t\t\t\t\t\t\t<\/div>\n\t\t\t\t<\/div>\n\t\t\t\t\t<\/div>\n\t\t<\/div>\n\t\t\t\t<div class=\"elementor-column elementor-col-50 elementor-inner-column elementor-element elementor-element-311812b8\" data-id=\"311812b8\" data-element_type=\"column\" data-e-type=\"column\">\n\t\t\t<div class=\"elementor-widget-wrap elementor-element-populated\">\n\t\t\t\t\t\t<div class=\"elementor-element elementor-element-c99a717 elementor-widget elementor-widget-text-editor\" data-id=\"c99a717\" data-element_type=\"widget\" data-e-type=\"widget\" data-widget_type=\"text-editor.default\">\n\t\t\t\t<div class=\"elementor-widget-container\">\n\t\t\t\t\t\t\t\t\t<h3>Besetzung<\/h3>\n<ul>\n \t<li>Johannes Held &#8211; Bariton<\/li>\n \t<li>Marcus Raimann &#8211; Oboe<\/li>\n<li>Christiane Andreae, Christine Opaschowski &#8211; Geige<\/li>\n<li>\nKristin Kalbhenn &#8211; Bratsche<\/li>\n<li>Sabine Knecht Ammon &#8211; Cello<\/li>\n \t<li>Andreas Sepp &#8211; Klavier<\/li>\n<\/ul>\nSingakademie Stuttgart &#8211; Leitung: Stefan Weible\t\t\t\t\t\t\t\t<\/div>\n\t\t\t\t<\/div>\n\t\t\t\t\t<\/div>\n\t\t<\/div>\n\t\t\t\t\t<\/div>\n\t\t<\/section>\n\t\t\t\t\t<\/div>\n\t\t<\/div>\n\t\t\t\t\t<\/div>\n\t\t<\/section>\n\t\t\t\t<section class=\"elementor-section elementor-top-section elementor-element elementor-element-741010b5 elementor-section-boxed elementor-section-height-default elementor-section-height-default\" data-id=\"741010b5\" data-element_type=\"section\" data-e-type=\"section\" data-settings=\"{&quot;background_background&quot;:&quot;classic&quot;}\">\n\t\t\t\t\t\t<div class=\"elementor-container elementor-column-gap-wide\">\n\t\t\t\t\t<div class=\"elementor-column elementor-col-33 elementor-top-column elementor-element elementor-element-1d788ebc\" data-id=\"1d788ebc\" data-element_type=\"column\" data-e-type=\"column\">\n\t\t\t<div class=\"elementor-widget-wrap elementor-element-populated\">\n\t\t\t\t\t\t<div class=\"elementor-element elementor-element-65a8053b elementor-view-default elementor-widget elementor-widget-icon\" data-id=\"65a8053b\" data-element_type=\"widget\" data-e-type=\"widget\" data-widget_type=\"icon.default\">\n\t\t\t\t<div class=\"elementor-widget-container\">\n\t\t\t\t\t\t\t<div class=\"elementor-icon-wrapper\">\n\t\t\t<div class=\"elementor-icon\">\n\t\t\t\t\t\t\t<i class=\"fa fa-institution\" aria-hidden=\"true\"><\/i>\n\t\t\t\t\t\t<\/div>\n\t\t<\/div>\n\t\t\t\t\t\t<\/div>\n\t\t\t\t<\/div>\n\t\t\t\t<div class=\"elementor-element elementor-element-6bcb796b elementor-widget elementor-widget-text-editor\" data-id=\"6bcb796b\" data-element_type=\"widget\" data-e-type=\"widget\" data-widget_type=\"text-editor.default\">\n\t\t\t\t<div class=\"elementor-widget-container\">\n\t\t\t\t\t\t\t\t\t<p style=\"text-align: center;\">Herz-Jesu-Kirche<\/p><p style=\"text-align: center;\">Schurwaldstr. 3, 70186 Stuttgart<\/p>\t\t\t\t\t\t\t\t<\/div>\n\t\t\t\t<\/div>\n\t\t\t\t\t<\/div>\n\t\t<\/div>\n\t\t\t\t<div class=\"elementor-column elementor-col-33 elementor-top-column elementor-element elementor-element-326f916f\" data-id=\"326f916f\" data-element_type=\"column\" data-e-type=\"column\">\n\t\t\t<div class=\"elementor-widget-wrap elementor-element-populated\">\n\t\t\t\t\t\t<div class=\"elementor-element elementor-element-38833053 elementor-view-default elementor-widget elementor-widget-icon\" data-id=\"38833053\" data-element_type=\"widget\" data-e-type=\"widget\" data-widget_type=\"icon.default\">\n\t\t\t\t<div class=\"elementor-widget-container\">\n\t\t\t\t\t\t\t<div class=\"elementor-icon-wrapper\">\n\t\t\t<div class=\"elementor-icon\">\n\t\t\t\t\t\t\t<i class=\"fa fa-calendar\" aria-hidden=\"true\"><\/i>\n\t\t\t\t\t\t<\/div>\n\t\t<\/div>\n\t\t\t\t\t\t<\/div>\n\t\t\t\t<\/div>\n\t\t\t\t<div class=\"elementor-element elementor-element-6adcf46f elementor-widget elementor-widget-text-editor\" data-id=\"6adcf46f\" data-element_type=\"widget\" data-e-type=\"widget\" data-widget_type=\"text-editor.default\">\n\t\t\t\t<div class=\"elementor-widget-container\">\n\t\t\t\t\t\t\t\t\t<p style=\"text-align: center;\">Sonntag, 23. Juni 2024<\/p>\n<p style=\"text-align: center;\">Beginn: 18 Uhr<\/p>\t\t\t\t\t\t\t\t<\/div>\n\t\t\t\t<\/div>\n\t\t\t\t\t<\/div>\n\t\t<\/div>\n\t\t\t\t<div class=\"elementor-column elementor-col-33 elementor-top-column elementor-element elementor-element-1d86dbeb\" data-id=\"1d86dbeb\" data-element_type=\"column\" data-e-type=\"column\">\n\t\t\t<div class=\"elementor-widget-wrap elementor-element-populated\">\n\t\t\t\t\t\t<div class=\"elementor-element elementor-element-1a9e6c82 elementor-view-default elementor-widget elementor-widget-icon\" data-id=\"1a9e6c82\" data-element_type=\"widget\" data-e-type=\"widget\" data-widget_type=\"icon.default\">\n\t\t\t\t<div class=\"elementor-widget-container\">\n\t\t\t\t\t\t\t<div class=\"elementor-icon-wrapper\">\n\t\t\t<div class=\"elementor-icon\">\n\t\t\t\t\t\t\t<i class=\"fa fa-ticket\" aria-hidden=\"true\"><\/i>\n\t\t\t\t\t\t<\/div>\n\t\t<\/div>\n\t\t\t\t\t\t<\/div>\n\t\t\t\t<\/div>\n\t\t\t\t<div class=\"elementor-element elementor-element-76aa0a86 elementor-widget elementor-widget-text-editor\" data-id=\"76aa0a86\" data-element_type=\"widget\" data-e-type=\"widget\" data-widget_type=\"text-editor.default\">\n\t\t\t\t<div class=\"elementor-widget-container\">\n\t\t\t\t\t\t\t\t\t<p style=\"text-align: center;\">Eintritt frei<\/p><p style=\"text-align: center;\">Spenden erbeten<\/p>\t\t\t\t\t\t\t\t<\/div>\n\t\t\t\t<\/div>\n\t\t\t\t\t<\/div>\n\t\t<\/div>\n\t\t\t\t\t<\/div>\n\t\t<\/section>\n\t\t\t\t<section class=\"elementor-section elementor-top-section elementor-element elementor-element-62f0076c elementor-section-boxed elementor-section-height-default elementor-section-height-default\" data-id=\"62f0076c\" data-element_type=\"section\" data-e-type=\"section\">\n\t\t\t\t\t\t<div class=\"elementor-container elementor-column-gap-no\">\n\t\t\t\t\t<div class=\"elementor-column elementor-col-100 elementor-top-column elementor-element elementor-element-7c823c37\" data-id=\"7c823c37\" data-element_type=\"column\" data-e-type=\"column\">\n\t\t\t<div class=\"elementor-widget-wrap elementor-element-populated\">\n\t\t\t\t\t\t<div class=\"elementor-element elementor-element-f2b3aec elementor-widget elementor-widget-google_maps\" data-id=\"f2b3aec\" data-element_type=\"widget\" data-e-type=\"widget\" data-widget_type=\"google_maps.default\">\n\t\t\t\t<div class=\"elementor-widget-container\">\n\t\t\t\t\t\t\t<div class=\"elementor-custom-embed\">\n\t\t\t<iframe loading=\"lazy\"\n\t\t\t\t\tsrc=\"https:\/\/maps.google.com\/maps?q=Herz-Jesu-Kirche%20Stuttgart%20Ost&#038;t=m&#038;z=14&#038;output=embed&#038;iwloc=near\"\n\t\t\t\t\ttitle=\"Herz-Jesu-Kirche Stuttgart Ost\"\n\t\t\t\t\taria-label=\"Herz-Jesu-Kirche Stuttgart Ost\"\n\t\t\t><\/iframe>\n\t\t<\/div>\n\t\t\t\t\t\t<\/div>\n\t\t\t\t<\/div>\n\t\t\t\t\t<\/div>\n\t\t<\/div>\n\t\t\t\t\t<\/div>\n\t\t<\/section>\n\t\t\t\t<\/div>\n\t\t","protected":false},"excerpt":{"rendered":"<p>Jubil\u00e4umskonzert &#8211; 15 Jahre Singakademie Stuttgart Der Weg von der 4- bis zur 14-Stimmigkeit Programm Johann Sebastian Bach (1685-1750): Der Geist hilft unser Schwachheit auf (BWV226) Heinz Werner Zimmermann (1930-2022): Wachet auf, ruft uns die Stimme (1979) f\u00fcr zw\u00f6lfstimmigen Chor a cappella Ola Gjeilo (*1978): Luminous Night of the Soul (2012) f\u00fcr achtstimmigen gemischten Chor, &hellip; <\/p>\n<p class=\"link-more\"><a href=\"https:\/\/www.singakademie-stuttgart.de\/index.php\/konzerte\/23-06-2024-herz-jesu-kirche-stuttgart\/\" class=\"more-link\"><span class=\"screen-reader-text\">\u201e23.06.2024 &#8211; Herz-Jesu-Kirche Stuttgart\u201c<\/span> weiterlesen<\/a><\/p>\n","protected":false},"author":3,"featured_media":4775,"parent":35,"menu_order":2430,"comment_status":"closed","ping_status":"closed","template":"","meta":{"footnotes":""},"class_list":["post-4304","page","type-page","status-publish","has-post-thumbnail","hentry"],"_links":{"self":[{"href":"https:\/\/www.singakademie-stuttgart.de\/index.php\/wp-json\/wp\/v2\/pages\/4304","targetHints":{"allow":["GET"]}}],"collection":[{"href":"https:\/\/www.singakademie-stuttgart.de\/index.php\/wp-json\/wp\/v2\/pages"}],"about":[{"href":"https:\/\/www.singakademie-stuttgart.de\/index.php\/wp-json\/wp\/v2\/types\/page"}],"author":[{"embeddable":true,"href":"https:\/\/www.singakademie-stuttgart.de\/index.php\/wp-json\/wp\/v2\/users\/3"}],"replies":[{"embeddable":true,"href":"https:\/\/www.singakademie-stuttgart.de\/index.php\/wp-json\/wp\/v2\/comments?post=4304"}],"version-history":[{"count":5,"href":"https:\/\/www.singakademie-stuttgart.de\/index.php\/wp-json\/wp\/v2\/pages\/4304\/revisions"}],"predecessor-version":[{"id":4714,"href":"https:\/\/www.singakademie-stuttgart.de\/index.php\/wp-json\/wp\/v2\/pages\/4304\/revisions\/4714"}],"up":[{"embeddable":true,"href":"https:\/\/www.singakademie-stuttgart.de\/index.php\/wp-json\/wp\/v2\/pages\/35"}],"wp:featuredmedia":[{"embeddable":true,"href":"https:\/\/www.singakademie-stuttgart.de\/index.php\/wp-json\/wp\/v2\/media\/4775"}],"wp:attachment":[{"href":"https:\/\/www.singakademie-stuttgart.de\/index.php\/wp-json\/wp\/v2\/media?parent=4304"}],"curies":[{"name":"wp","href":"https:\/\/api.w.org\/{rel}","templated":true}]}}