{"id":2376,"date":"2021-10-20T17:45:22","date_gmt":"2021-10-20T15:45:22","guid":{"rendered":"https:\/\/www.singakademie-stuttgart.de\/?page_id=2376"},"modified":"2021-11-29T18:37:10","modified_gmt":"2021-11-29T17:37:10","slug":"11-12-2021-pauluskirche-stuttgart","status":"publish","type":"page","link":"https:\/\/www.singakademie-stuttgart.de\/index.php\/konzerte\/11-12-2021-pauluskirche-stuttgart\/","title":{"rendered":"19.12.2021 &#8211; Pauluskirche Stuttgart"},"content":{"rendered":"\t\t<div data-elementor-type=\"wp-page\" data-elementor-id=\"2376\" class=\"elementor elementor-2376\" data-elementor-post-type=\"page\">\n\t\t\t\t\t\t<section class=\"elementor-section elementor-top-section elementor-element elementor-element-21bcbf11 elementor-section-boxed elementor-section-height-default elementor-section-height-default\" data-id=\"21bcbf11\" data-element_type=\"section\" data-e-type=\"section\">\n\t\t\t\t\t\t<div class=\"elementor-container elementor-column-gap-default\">\n\t\t\t\t\t<div class=\"elementor-column elementor-col-100 elementor-top-column elementor-element elementor-element-462c9c49\" data-id=\"462c9c49\" data-element_type=\"column\" data-e-type=\"column\">\n\t\t\t<div class=\"elementor-widget-wrap elementor-element-populated\">\n\t\t\t\t\t\t<div class=\"elementor-element elementor-element-103974e1 elementor-widget elementor-widget-text-editor\" data-id=\"103974e1\" data-element_type=\"widget\" data-e-type=\"widget\" data-widget_type=\"text-editor.default\">\n\t\t\t\t<div class=\"elementor-widget-container\">\n\t\t\t\t\t\t\t\t\t<h2>Adventliche Vokalmusik (abgesagt)<\/h2>\t\t\t\t\t\t\t\t<\/div>\n\t\t\t\t<\/div>\n\t\t\t\t<div class=\"elementor-element elementor-element-7817964 elementor-widget elementor-widget-text-editor\" data-id=\"7817964\" data-element_type=\"widget\" data-e-type=\"widget\" data-widget_type=\"text-editor.default\">\n\t\t\t\t<div class=\"elementor-widget-container\">\n\t\t\t\t\t\t\t\t\t<div class=\"\"><i><b>Leider m\u00fcssen wir unsere geplanten Adventskonzerte in Schw\u00e4bisch Hall und Stuttgart aufgrund der aktuellen Corona-Situation absagen. Das bedauern wir sehr.<\/b><\/i><\/div><div class=\"\"><i><b>2022 singen wir wieder! Frohe Weihnachten!\u00a0<\/b><\/i><\/div>\t\t\t\t\t\t\t\t<\/div>\n\t\t\t\t<\/div>\n\t\t\t\t<section class=\"elementor-section elementor-inner-section elementor-element elementor-element-1588a2b elementor-section-boxed elementor-section-height-default elementor-section-height-default\" data-id=\"1588a2b\" data-element_type=\"section\" data-e-type=\"section\">\n\t\t\t\t\t\t<div class=\"elementor-container elementor-column-gap-default\">\n\t\t\t\t\t<div class=\"elementor-column elementor-col-100 elementor-inner-column elementor-element elementor-element-7656761\" data-id=\"7656761\" data-element_type=\"column\" data-e-type=\"column\">\n\t\t\t<div class=\"elementor-widget-wrap elementor-element-populated\">\n\t\t\t\t\t\t<div class=\"elementor-element elementor-element-57e28126 elementor-widget elementor-widget-text-editor\" data-id=\"57e28126\" data-element_type=\"widget\" data-e-type=\"widget\" data-widget_type=\"text-editor.default\">\n\t\t\t\t<div class=\"elementor-widget-container\">\n\t\t\t\t\t\t\t\t\t<h3>Programm<\/h3><ul><li><b>Bernat Vivancos <\/b>(*1973):<br \/><i>Welcome!<\/i> f\u00fcr mehrstimigen Chor<i><br \/><\/i><\/li><\/ul><ul><li><b>Morten Lauridsen <\/b>(*1943):<br \/><i>O magnum mysterium<\/i> f\u00fcr mehrstimmigen Chor<i><br \/><\/i><\/li><\/ul><ul><li><b>Benjamin Britten <\/b>(1913-1976):<br \/><em>A Hymn to the Virgin<\/em> f\u00fcr zwei Ch\u00f6re a capella<em><br \/><\/em><\/li><\/ul><ul><li><b>Andreas Hammerschmidt <\/b>(1611-1675):<br \/><em>Machet die Tore weit<\/em> Choralmotette f\u00fcr sechsstimmigen Chor<em><br \/><\/em><\/li><\/ul><ul><li><b>Praetorius\/Sandstr\u00f6m <\/b>(*1954):<br \/>Bearbeitung zu <em>Es ist ein Ros entsprungen<br \/><\/em><\/li><\/ul><ul><li><b>Wolfram Buchenberg <\/b>(*1962):<br \/><em>Magnificat<\/em> f\u00fcr achtsimmigen gemischten Chor<em><br \/><\/em><\/li><\/ul><ul><li><b>L. B\u00f6hme<\/b> (*1979)\/<b>R. Rudin <\/b>(*1982):<br \/>Bearbeitungen zu <em>Maria durch ein Dornwald ging<\/em><em><br \/><\/em><\/li><\/ul><ul><li><b>Philip Stopford <\/b>(*1977):<br \/><em>Ave maris stella<\/em> f\u00fcr achtstimmigen Chor<em><br \/><\/em><\/li><\/ul>\t\t\t\t\t\t\t\t<\/div>\n\t\t\t\t<\/div>\n\t\t\t\t\t<\/div>\n\t\t<\/div>\n\t\t\t\t\t<\/div>\n\t\t<\/section>\n\t\t\t\t<div class=\"elementor-element elementor-element-ac59fd4 elementor-widget elementor-widget-text-editor\" data-id=\"ac59fd4\" data-element_type=\"widget\" data-e-type=\"widget\" data-widget_type=\"text-editor.default\">\n\t\t\t\t<div class=\"elementor-widget-container\">\n\t\t\t\t\t\t\t\t\t<p>Singakademie Stuttgart &#8211; Leitung: Stefan Weible<\/p>\t\t\t\t\t\t\t\t<\/div>\n\t\t\t\t<\/div>\n\t\t\t\t\t<\/div>\n\t\t<\/div>\n\t\t\t\t\t<\/div>\n\t\t<\/section>\n\t\t\t\t<section class=\"elementor-section elementor-top-section elementor-element elementor-element-2402fada elementor-section-boxed elementor-section-height-default elementor-section-height-default\" data-id=\"2402fada\" data-element_type=\"section\" data-e-type=\"section\" data-settings=\"{&quot;background_background&quot;:&quot;classic&quot;}\">\n\t\t\t\t\t\t<div class=\"elementor-container elementor-column-gap-wide\">\n\t\t\t\t\t<div class=\"elementor-column elementor-col-33 elementor-top-column elementor-element elementor-element-46a69c4b\" data-id=\"46a69c4b\" data-element_type=\"column\" data-e-type=\"column\">\n\t\t\t<div class=\"elementor-widget-wrap elementor-element-populated\">\n\t\t\t\t\t\t<div class=\"elementor-element elementor-element-1efa485f elementor-view-default elementor-widget elementor-widget-icon\" data-id=\"1efa485f\" data-element_type=\"widget\" data-e-type=\"widget\" data-widget_type=\"icon.default\">\n\t\t\t\t<div class=\"elementor-widget-container\">\n\t\t\t\t\t\t\t<div class=\"elementor-icon-wrapper\">\n\t\t\t<div class=\"elementor-icon\">\n\t\t\t<i aria-hidden=\"true\" class=\"fas fa-church\"><\/i>\t\t\t<\/div>\n\t\t<\/div>\n\t\t\t\t\t\t<\/div>\n\t\t\t\t<\/div>\n\t\t\t\t<div class=\"elementor-element elementor-element-72a5e0f8 elementor-widget elementor-widget-text-editor\" data-id=\"72a5e0f8\" data-element_type=\"widget\" data-e-type=\"widget\" data-widget_type=\"text-editor.default\">\n\t\t\t\t<div class=\"elementor-widget-container\">\n\t\t\t\t\t\t\t\t\t<p style=\"text-align: center;\">Evangelische Pauluskirche<\/p><p style=\"text-align: center;\">Seyfferstra\u00dfe 60, 70197 Stuttgart<\/p>\t\t\t\t\t\t\t\t<\/div>\n\t\t\t\t<\/div>\n\t\t\t\t\t<\/div>\n\t\t<\/div>\n\t\t\t\t<div class=\"elementor-column elementor-col-33 elementor-top-column elementor-element elementor-element-3605e5da\" data-id=\"3605e5da\" data-element_type=\"column\" data-e-type=\"column\">\n\t\t\t<div class=\"elementor-widget-wrap elementor-element-populated\">\n\t\t\t\t\t\t<div class=\"elementor-element elementor-element-7790e0a0 elementor-view-default elementor-widget elementor-widget-icon\" data-id=\"7790e0a0\" data-element_type=\"widget\" data-e-type=\"widget\" data-widget_type=\"icon.default\">\n\t\t\t\t<div class=\"elementor-widget-container\">\n\t\t\t\t\t\t\t<div class=\"elementor-icon-wrapper\">\n\t\t\t<div class=\"elementor-icon\">\n\t\t\t\t\t\t\t<i class=\"fa fa-calendar\" aria-hidden=\"true\"><\/i>\n\t\t\t\t\t\t<\/div>\n\t\t<\/div>\n\t\t\t\t\t\t<\/div>\n\t\t\t\t<\/div>\n\t\t\t\t<div class=\"elementor-element elementor-element-16a211f0 elementor-widget elementor-widget-text-editor\" data-id=\"16a211f0\" data-element_type=\"widget\" data-e-type=\"widget\" data-widget_type=\"text-editor.default\">\n\t\t\t\t<div class=\"elementor-widget-container\">\n\t\t\t\t\t\t\t\t\t<p style=\"text-align: center;\">Sonntag, 19. Dezember 2021<br \/>Beginn: 17 Uhr<\/p><p style=\"text-align: center;\">(abgesagt)<\/p>\t\t\t\t\t\t\t\t<\/div>\n\t\t\t\t<\/div>\n\t\t\t\t\t<\/div>\n\t\t<\/div>\n\t\t\t\t<div class=\"elementor-column elementor-col-33 elementor-top-column elementor-element elementor-element-342d9c09\" data-id=\"342d9c09\" data-element_type=\"column\" data-e-type=\"column\">\n\t\t\t<div class=\"elementor-widget-wrap elementor-element-populated\">\n\t\t\t\t\t\t<div class=\"elementor-element elementor-element-38e110c0 elementor-view-default elementor-widget elementor-widget-icon\" data-id=\"38e110c0\" data-element_type=\"widget\" data-e-type=\"widget\" data-widget_type=\"icon.default\">\n\t\t\t\t<div class=\"elementor-widget-container\">\n\t\t\t\t\t\t\t<div class=\"elementor-icon-wrapper\">\n\t\t\t<div class=\"elementor-icon\">\n\t\t\t\t\t\t\t<i class=\"fa fa-ticket\" aria-hidden=\"true\"><\/i>\n\t\t\t\t\t\t<\/div>\n\t\t<\/div>\n\t\t\t\t\t\t<\/div>\n\t\t\t\t<\/div>\n\t\t\t\t<div class=\"elementor-element elementor-element-37f9f8c8 elementor-widget elementor-widget-text-editor\" data-id=\"37f9f8c8\" data-element_type=\"widget\" data-e-type=\"widget\" data-widget_type=\"text-editor.default\">\n\t\t\t\t<div class=\"elementor-widget-container\">\n\t\t\t\t\t\t\t\t\t<p>Der Eintritt ist frei.<\/p><p>Spenden erbeten.<\/p>\t\t\t\t\t\t\t\t<\/div>\n\t\t\t\t<\/div>\n\t\t\t\t\t<\/div>\n\t\t<\/div>\n\t\t\t\t\t<\/div>\n\t\t<\/section>\n\t\t\t\t<section class=\"elementor-section elementor-top-section elementor-element elementor-element-11ed3bdd elementor-section-boxed elementor-section-height-default elementor-section-height-default\" data-id=\"11ed3bdd\" data-element_type=\"section\" data-e-type=\"section\">\n\t\t\t\t\t\t<div class=\"elementor-container elementor-column-gap-no\">\n\t\t\t\t\t<div class=\"elementor-column elementor-col-100 elementor-top-column elementor-element elementor-element-69d8ad22\" data-id=\"69d8ad22\" data-element_type=\"column\" data-e-type=\"column\">\n\t\t\t<div class=\"elementor-widget-wrap elementor-element-populated\">\n\t\t\t\t\t\t<div class=\"elementor-element elementor-element-b627cce elementor-widget elementor-widget-google_maps\" data-id=\"b627cce\" data-element_type=\"widget\" data-e-type=\"widget\" data-widget_type=\"google_maps.default\">\n\t\t\t\t<div class=\"elementor-widget-container\">\n\t\t\t\t\t\t\t<div class=\"elementor-custom-embed\">\n\t\t\t<iframe loading=\"lazy\"\n\t\t\t\t\tsrc=\"https:\/\/maps.google.com\/maps?q=Pauluskirche%2C%20Seyfferstra%C3%9Fe%2060%2C%2070197%20Stuttgart&#038;t=m&#038;z=11&#038;output=embed&#038;iwloc=near\"\n\t\t\t\t\ttitle=\"Pauluskirche, Seyfferstra\u00dfe 60, 70197 Stuttgart\"\n\t\t\t\t\taria-label=\"Pauluskirche, Seyfferstra\u00dfe 60, 70197 Stuttgart\"\n\t\t\t><\/iframe>\n\t\t<\/div>\n\t\t\t\t\t\t<\/div>\n\t\t\t\t<\/div>\n\t\t\t\t\t<\/div>\n\t\t<\/div>\n\t\t\t\t\t<\/div>\n\t\t<\/section>\n\t\t\t\t<\/div>\n\t\t","protected":false},"excerpt":{"rendered":"<p>Adventliche Vokalmusik (abgesagt) Leider m\u00fcssen wir unsere geplanten Adventskonzerte in Schw\u00e4bisch Hall und Stuttgart aufgrund der aktuellen Corona-Situation absagen. Das bedauern wir sehr.2022 singen wir wieder! Frohe Weihnachten!\u00a0 Programm Bernat Vivancos (*1973):Welcome! f\u00fcr mehrstimigen Chor Morten Lauridsen (*1943):O magnum mysterium f\u00fcr mehrstimmigen Chor Benjamin Britten (1913-1976):A Hymn to the Virgin f\u00fcr zwei Ch\u00f6re a capella &hellip; <\/p>\n<p class=\"link-more\"><a href=\"https:\/\/www.singakademie-stuttgart.de\/index.php\/konzerte\/11-12-2021-pauluskirche-stuttgart\/\" class=\"more-link\"><span class=\"screen-reader-text\">\u201e19.12.2021 &#8211; Pauluskirche Stuttgart\u201c<\/span> weiterlesen<\/a><\/p>\n","protected":false},"author":3,"featured_media":0,"parent":35,"menu_order":2140,"comment_status":"closed","ping_status":"closed","template":"","meta":{"footnotes":""},"class_list":["post-2376","page","type-page","status-publish","hentry"],"_links":{"self":[{"href":"https:\/\/www.singakademie-stuttgart.de\/index.php\/wp-json\/wp\/v2\/pages\/2376","targetHints":{"allow":["GET"]}}],"collection":[{"href":"https:\/\/www.singakademie-stuttgart.de\/index.php\/wp-json\/wp\/v2\/pages"}],"about":[{"href":"https:\/\/www.singakademie-stuttgart.de\/index.php\/wp-json\/wp\/v2\/types\/page"}],"author":[{"embeddable":true,"href":"https:\/\/www.singakademie-stuttgart.de\/index.php\/wp-json\/wp\/v2\/users\/3"}],"replies":[{"embeddable":true,"href":"https:\/\/www.singakademie-stuttgart.de\/index.php\/wp-json\/wp\/v2\/comments?post=2376"}],"version-history":[{"count":5,"href":"https:\/\/www.singakademie-stuttgart.de\/index.php\/wp-json\/wp\/v2\/pages\/2376\/revisions"}],"predecessor-version":[{"id":2492,"href":"https:\/\/www.singakademie-stuttgart.de\/index.php\/wp-json\/wp\/v2\/pages\/2376\/revisions\/2492"}],"up":[{"embeddable":true,"href":"https:\/\/www.singakademie-stuttgart.de\/index.php\/wp-json\/wp\/v2\/pages\/35"}],"wp:attachment":[{"href":"https:\/\/www.singakademie-stuttgart.de\/index.php\/wp-json\/wp\/v2\/media?parent=2376"}],"curies":[{"name":"wp","href":"https:\/\/api.w.org\/{rel}","templated":true}]}}