{"id":1453,"date":"2018-12-11T17:24:21","date_gmt":"2018-12-11T16:24:21","guid":{"rendered":"http:\/\/www.singakademie-stuttgart.de\/?page_id=1453"},"modified":"2019-03-24T18:05:53","modified_gmt":"2019-03-24T17:05:53","slug":"07-04-2019-st-elisabeth-stuttgart","status":"publish","type":"page","link":"https:\/\/www.singakademie-stuttgart.de\/index.php\/konzerte\/07-04-2019-st-elisabeth-stuttgart\/","title":{"rendered":"07.04.2019 &#8211; St.\u00a0Elisabeth Stuttgart"},"content":{"rendered":"\t\t<div data-elementor-type=\"wp-post\" data-elementor-id=\"1453\" class=\"elementor elementor-1453\" data-elementor-post-type=\"page\">\n\t\t\t\t\t\t<section class=\"elementor-section elementor-top-section elementor-element elementor-element-6e81eb9f elementor-section-boxed elementor-section-height-default elementor-section-height-default\" data-id=\"6e81eb9f\" data-element_type=\"section\" data-e-type=\"section\">\n\t\t\t\t\t\t<div class=\"elementor-container elementor-column-gap-default\">\n\t\t\t\t\t<div class=\"elementor-column elementor-col-100 elementor-top-column elementor-element elementor-element-55c70afe\" data-id=\"55c70afe\" data-element_type=\"column\" data-e-type=\"column\">\n\t\t\t<div class=\"elementor-widget-wrap elementor-element-populated\">\n\t\t\t\t\t\t<div class=\"elementor-element elementor-element-e7a1d38 elementor-widget elementor-widget-text-editor\" data-id=\"e7a1d38\" data-element_type=\"widget\" data-e-type=\"widget\" data-widget_type=\"text-editor.default\">\n\t\t\t\t<div class=\"elementor-widget-container\">\n\t\t\t\t\t\t\t\t\t<h2>Unser Leben ist ein Schatten<\/h2><p style=\"text-align: center; font-size: large;\">Passionskonzert der Singakademie Stuttgart<br \/>mit Werken von Bach, Steffani, Rheinberger und Spohr<\/p>\t\t\t\t\t\t\t\t<\/div>\n\t\t\t\t<\/div>\n\t\t\t\t<section class=\"elementor-section elementor-inner-section elementor-element elementor-element-25dac84 elementor-section-boxed elementor-section-height-default elementor-section-height-default\" data-id=\"25dac84\" data-element_type=\"section\" data-e-type=\"section\">\n\t\t\t\t\t\t<div class=\"elementor-container elementor-column-gap-default\">\n\t\t\t\t\t<div class=\"elementor-column elementor-col-50 elementor-inner-column elementor-element elementor-element-ed02cd4\" data-id=\"ed02cd4\" data-element_type=\"column\" data-e-type=\"column\">\n\t\t\t<div class=\"elementor-widget-wrap elementor-element-populated\">\n\t\t\t\t\t\t<div class=\"elementor-element elementor-element-274c919c elementor-widget elementor-widget-text-editor\" data-id=\"274c919c\" data-element_type=\"widget\" data-e-type=\"widget\" data-widget_type=\"text-editor.default\">\n\t\t\t\t<div class=\"elementor-widget-container\">\n\t\t\t\t\t\t\t\t\t<h3>Programm<\/h3><ul><li><b>Johann Bach<\/b> (1604-1673):<br \/><i>Unser Leben ist ein Schatten<\/i> &#8211; f\u00fcr zwei Ch\u00f6re und Basso continuo<\/li><li><b>Joseph Rheinberger<\/b> (1839-1901):<br \/>S<i>tabat Mater<\/i> &#8211; f\u00fcr vierstimmigen Chor, Streicher und gro\u00dfe Orgel<\/li><li><b>Agostino Steffani<\/b> (1654-1728):<br \/><i>Stabat Mater<\/i> &#8211; f\u00fcr Soli, sechsstimmigen Chor, Streicher und Basso continuo<\/li><li><b>Louis Spohr <\/b>(1784-1859):<br \/><i>Aus der Tiefe<\/i> (Psalm 130) &#8211; f\u00fcr Soli und achtstimmigen Chor a cappella<\/li><\/ul>\t\t\t\t\t\t\t\t<\/div>\n\t\t\t\t<\/div>\n\t\t\t\t\t<\/div>\n\t\t<\/div>\n\t\t\t\t<div class=\"elementor-column elementor-col-50 elementor-inner-column elementor-element elementor-element-a38008b\" data-id=\"a38008b\" data-element_type=\"column\" data-e-type=\"column\">\n\t\t\t<div class=\"elementor-widget-wrap elementor-element-populated\">\n\t\t\t\t\t\t<div class=\"elementor-element elementor-element-855086d elementor-widget elementor-widget-text-editor\" data-id=\"855086d\" data-element_type=\"widget\" data-e-type=\"widget\" data-widget_type=\"text-editor.default\">\n\t\t\t\t<div class=\"elementor-widget-container\">\n\t\t\t\t\t\t\t\t\t<h3>Mitwirkende<\/h3><p>Countertenor: Georg A. Bochow<\/p><p>Tenor: Henning Jensen<\/p><p>Bass: David Ristau<\/p><p>\u00a0<\/p><p>Orgel: Helmut Brand<\/p><p>Orchester der Singakademie Stuttgart<\/p><p>\u00a0<\/p><p>Singakademie Stuttgart &#8211; Leitung: Stefan Weible<\/p>\t\t\t\t\t\t\t\t<\/div>\n\t\t\t\t<\/div>\n\t\t\t\t\t<\/div>\n\t\t<\/div>\n\t\t\t\t\t<\/div>\n\t\t<\/section>\n\t\t\t\t\t<\/div>\n\t\t<\/div>\n\t\t\t\t\t<\/div>\n\t\t<\/section>\n\t\t\t\t<section class=\"elementor-section elementor-top-section elementor-element elementor-element-7495b1cb elementor-section-boxed elementor-section-height-default elementor-section-height-default\" data-id=\"7495b1cb\" data-element_type=\"section\" data-e-type=\"section\" data-settings=\"{&quot;background_background&quot;:&quot;classic&quot;}\">\n\t\t\t\t\t\t<div class=\"elementor-container elementor-column-gap-wide\">\n\t\t\t\t\t<div class=\"elementor-column elementor-col-33 elementor-top-column elementor-element elementor-element-5f7a18d3\" data-id=\"5f7a18d3\" data-element_type=\"column\" data-e-type=\"column\">\n\t\t\t<div class=\"elementor-widget-wrap elementor-element-populated\">\n\t\t\t\t\t\t<div class=\"elementor-element elementor-element-119a8ae6 elementor-view-default elementor-widget elementor-widget-icon\" data-id=\"119a8ae6\" data-element_type=\"widget\" data-e-type=\"widget\" data-widget_type=\"icon.default\">\n\t\t\t\t<div class=\"elementor-widget-container\">\n\t\t\t\t\t\t\t<div class=\"elementor-icon-wrapper\">\n\t\t\t<div class=\"elementor-icon\">\n\t\t\t\t\t\t\t<i class=\"fa fa-institution\" aria-hidden=\"true\"><\/i>\n\t\t\t\t\t\t<\/div>\n\t\t<\/div>\n\t\t\t\t\t\t<\/div>\n\t\t\t\t<\/div>\n\t\t\t\t<div class=\"elementor-element elementor-element-3eef40d3 elementor-widget elementor-widget-text-editor\" data-id=\"3eef40d3\" data-element_type=\"widget\" data-e-type=\"widget\" data-widget_type=\"text-editor.default\">\n\t\t\t\t<div class=\"elementor-widget-container\">\n\t\t\t\t\t\t\t\t\t<p style=\"text-align: center;\">St. Elisabeth<br \/>Elisabethenstr. 21, 70197 Stuttgart<\/p>\t\t\t\t\t\t\t\t<\/div>\n\t\t\t\t<\/div>\n\t\t\t\t\t<\/div>\n\t\t<\/div>\n\t\t\t\t<div class=\"elementor-column elementor-col-33 elementor-top-column elementor-element elementor-element-30b74826\" data-id=\"30b74826\" data-element_type=\"column\" data-e-type=\"column\">\n\t\t\t<div class=\"elementor-widget-wrap elementor-element-populated\">\n\t\t\t\t\t\t<div class=\"elementor-element elementor-element-7f419d6a elementor-view-default elementor-widget elementor-widget-icon\" data-id=\"7f419d6a\" data-element_type=\"widget\" data-e-type=\"widget\" data-widget_type=\"icon.default\">\n\t\t\t\t<div class=\"elementor-widget-container\">\n\t\t\t\t\t\t\t<div class=\"elementor-icon-wrapper\">\n\t\t\t<div class=\"elementor-icon\">\n\t\t\t\t\t\t\t<i class=\"fa fa-calendar\" aria-hidden=\"true\"><\/i>\n\t\t\t\t\t\t<\/div>\n\t\t<\/div>\n\t\t\t\t\t\t<\/div>\n\t\t\t\t<\/div>\n\t\t\t\t<div class=\"elementor-element elementor-element-4d7f6120 elementor-widget elementor-widget-text-editor\" data-id=\"4d7f6120\" data-element_type=\"widget\" data-e-type=\"widget\" data-widget_type=\"text-editor.default\">\n\t\t\t\t<div class=\"elementor-widget-container\">\n\t\t\t\t\t\t\t\t\t<p style=\"text-align: center;\">Sonntag, 7. April 2019<br \/>Beginn: 17 Uhr<\/p>\t\t\t\t\t\t\t\t<\/div>\n\t\t\t\t<\/div>\n\t\t\t\t\t<\/div>\n\t\t<\/div>\n\t\t\t\t<div class=\"elementor-column elementor-col-33 elementor-top-column elementor-element elementor-element-38df9438\" data-id=\"38df9438\" data-element_type=\"column\" data-e-type=\"column\">\n\t\t\t<div class=\"elementor-widget-wrap elementor-element-populated\">\n\t\t\t\t\t\t<div class=\"elementor-element elementor-element-199bc321 elementor-view-default elementor-widget elementor-widget-icon\" data-id=\"199bc321\" data-element_type=\"widget\" data-e-type=\"widget\" data-widget_type=\"icon.default\">\n\t\t\t\t<div class=\"elementor-widget-container\">\n\t\t\t\t\t\t\t<div class=\"elementor-icon-wrapper\">\n\t\t\t<div class=\"elementor-icon\">\n\t\t\t\t\t\t\t<i class=\"fa fa-ticket\" aria-hidden=\"true\"><\/i>\n\t\t\t\t\t\t<\/div>\n\t\t<\/div>\n\t\t\t\t\t\t<\/div>\n\t\t\t\t<\/div>\n\t\t\t\t<div class=\"elementor-element elementor-element-01daf88 elementor-widget elementor-widget-text-editor\" data-id=\"01daf88\" data-element_type=\"widget\" data-e-type=\"widget\" data-widget_type=\"text-editor.default\">\n\t\t\t\t<div class=\"elementor-widget-container\">\n\t\t\t\t\t\t\t\t\t<p style=\"text-align: center;\">\u20ac 22,-\/14,- erm\u00e4\u00dfigt<br \/>Kinder bis 16 Jahren frei<\/p>\t\t\t\t\t\t\t\t<\/div>\n\t\t\t\t<\/div>\n\t\t\t\t<div class=\"elementor-element elementor-element-63b134ec elementor-align-center elementor-widget elementor-widget-button\" data-id=\"63b134ec\" data-element_type=\"widget\" data-e-type=\"widget\" data-widget_type=\"button.default\">\n\t\t\t\t<div class=\"elementor-widget-container\">\n\t\t\t\t\t\t\t\t\t<div class=\"elementor-button-wrapper\">\n\t\t\t\t\t<a class=\"elementor-button elementor-size-sm\" role=\"button\">\n\t\t\t\t\t\t<span class=\"elementor-button-content-wrapper\">\n\t\t\t\t\t\t\t\t\t<span class=\"elementor-button-text\">Abendkasse<\/span>\n\t\t\t\t\t<\/span>\n\t\t\t\t\t<\/a>\n\t\t\t\t<\/div>\n\t\t\t\t\t\t\t\t<\/div>\n\t\t\t\t<\/div>\n\t\t\t\t\t<\/div>\n\t\t<\/div>\n\t\t\t\t\t<\/div>\n\t\t<\/section>\n\t\t\t\t<section class=\"elementor-section elementor-top-section elementor-element elementor-element-53cc0223 elementor-section-boxed elementor-section-height-default elementor-section-height-default\" data-id=\"53cc0223\" data-element_type=\"section\" data-e-type=\"section\">\n\t\t\t\t\t\t<div class=\"elementor-container elementor-column-gap-no\">\n\t\t\t\t\t<div class=\"elementor-column elementor-col-100 elementor-top-column elementor-element elementor-element-7da73ab4\" data-id=\"7da73ab4\" data-element_type=\"column\" data-e-type=\"column\">\n\t\t\t<div class=\"elementor-widget-wrap elementor-element-populated\">\n\t\t\t\t\t\t<div class=\"elementor-element elementor-element-3d2213d3 elementor-widget elementor-widget-google_maps\" data-id=\"3d2213d3\" data-element_type=\"widget\" data-e-type=\"widget\" data-widget_type=\"google_maps.default\">\n\t\t\t\t<div class=\"elementor-widget-container\">\n\t\t\t\t\t\t\t<div class=\"elementor-custom-embed\">\n\t\t\t<iframe loading=\"lazy\"\n\t\t\t\t\tsrc=\"https:\/\/maps.google.com\/maps?q=St.%20Elisabeth%20Kirche%2C%20Elisabethenstra%C3%9Fe%2021%2C%2070197%20Stuttgart&#038;t=m&#038;z=10&#038;output=embed&#038;iwloc=near\"\n\t\t\t\t\ttitle=\"St. Elisabeth Kirche, Elisabethenstra\u00dfe 21, 70197 Stuttgart\"\n\t\t\t\t\taria-label=\"St. Elisabeth Kirche, Elisabethenstra\u00dfe 21, 70197 Stuttgart\"\n\t\t\t><\/iframe>\n\t\t<\/div>\n\t\t\t\t\t\t<\/div>\n\t\t\t\t<\/div>\n\t\t\t\t\t<\/div>\n\t\t<\/div>\n\t\t\t\t\t<\/div>\n\t\t<\/section>\n\t\t\t\t<\/div>\n\t\t","protected":false},"excerpt":{"rendered":"<p>Unser Leben ist ein Schatten Passionskonzert der Singakademie Stuttgartmit Werken von Bach, Steffani, Rheinberger und Spohr Programm Johann Bach (1604-1673):Unser Leben ist ein Schatten &#8211; f\u00fcr zwei Ch\u00f6re und Basso continuo Joseph Rheinberger (1839-1901):Stabat Mater &#8211; f\u00fcr vierstimmigen Chor, Streicher und gro\u00dfe Orgel Agostino Steffani (1654-1728):Stabat Mater &#8211; f\u00fcr Soli, sechsstimmigen Chor, Streicher und Basso &hellip; <\/p>\n<p class=\"link-more\"><a href=\"https:\/\/www.singakademie-stuttgart.de\/index.php\/konzerte\/07-04-2019-st-elisabeth-stuttgart\/\" class=\"more-link\"><span class=\"screen-reader-text\">\u201e07.04.2019 &#8211; St.\u00a0Elisabeth Stuttgart\u201c<\/span> weiterlesen<\/a><\/p>\n","protected":false},"author":3,"featured_media":0,"parent":35,"menu_order":1910,"comment_status":"closed","ping_status":"closed","template":"","meta":{"footnotes":""},"class_list":["post-1453","page","type-page","status-publish","hentry"],"_links":{"self":[{"href":"https:\/\/www.singakademie-stuttgart.de\/index.php\/wp-json\/wp\/v2\/pages\/1453","targetHints":{"allow":["GET"]}}],"collection":[{"href":"https:\/\/www.singakademie-stuttgart.de\/index.php\/wp-json\/wp\/v2\/pages"}],"about":[{"href":"https:\/\/www.singakademie-stuttgart.de\/index.php\/wp-json\/wp\/v2\/types\/page"}],"author":[{"embeddable":true,"href":"https:\/\/www.singakademie-stuttgart.de\/index.php\/wp-json\/wp\/v2\/users\/3"}],"replies":[{"embeddable":true,"href":"https:\/\/www.singakademie-stuttgart.de\/index.php\/wp-json\/wp\/v2\/comments?post=1453"}],"version-history":[{"count":5,"href":"https:\/\/www.singakademie-stuttgart.de\/index.php\/wp-json\/wp\/v2\/pages\/1453\/revisions"}],"predecessor-version":[{"id":1659,"href":"https:\/\/www.singakademie-stuttgart.de\/index.php\/wp-json\/wp\/v2\/pages\/1453\/revisions\/1659"}],"up":[{"embeddable":true,"href":"https:\/\/www.singakademie-stuttgart.de\/index.php\/wp-json\/wp\/v2\/pages\/35"}],"wp:attachment":[{"href":"https:\/\/www.singakademie-stuttgart.de\/index.php\/wp-json\/wp\/v2\/media?parent=1453"}],"curies":[{"name":"wp","href":"https:\/\/api.w.org\/{rel}","templated":true}]}}